{"id":734,"date":"2018-07-26T10:49:22","date_gmt":"2018-07-26T13:49:22","guid":{"rendered":"https:\/\/artefarranz-caba.infd.edu.ar\/sitio\/?page_id=734"},"modified":"2021-11-05T20:47:40","modified_gmt":"2021-11-05T23:47:40","slug":"plan-de-estudio","status":"publish","type":"page","link":"https:\/\/artefarranz-caba.infd.edu.ar\/sitio\/catalogo\/plan-de-estudio\/","title":{"rendered":"Plan de estudio"},"content":{"rendered":"<h4>Profesorado<\/h4>\n<ul>\n<li>\n<pre>Acerca de la carrera Profesor\/a de ARTES VISUALES CON ORIENTACI\u00d3N CERAMICA<\/pre>\n<\/li>\n<li>\n<pre>Plan de estudios<\/pre>\n<table>\n<tbody>\n<tr>\n<td colspan=\"10\" width=\"691\"><strong>Campo de la Formaci\u00f3n General (CFG) 1296 c\u00e1tedra total<\/strong><\/td>\n<\/tr>\n<tr>\n<td rowspan=\"2\" width=\"113\"><strong>Unidades curriculares (UC)<\/strong><\/td>\n<td rowspan=\"2\" width=\"76\"><strong>Formato<\/strong><\/td>\n<td colspan=\"2\" width=\"104\"><strong>R\u00e9gimen de cursada<\/strong><\/td>\n<td colspan=\"4\" width=\"270\"><strong>Horas del Estudiante<\/strong><\/td>\n<td colspan=\"2\" width=\"128\"><strong>Hs. del Docente<\/strong><\/td>\n<\/tr>\n<tr>\n<td width=\"57\"><strong>Anual o Cuatri<\/strong><p><\/p>\n<p><strong>Mestral<\/strong><\/p>\n<\/td>\n<td width=\"47\"><strong>Obligatorio u Optativo<\/strong><\/td>\n<td width=\"101\"><strong>Horas C\u00e1tedra Semanales Presenciales<\/strong><\/td>\n<td width=\"60\"><strong>Total Horas C\u00e1tedra Presenciales<\/strong><\/td>\n<td width=\"53\"><strong>Total Horas C\u00e1tedra de TA*<\/strong><\/td>\n<td width=\"56\"><strong>Total Horas C\u00e1tedra de la UC<\/strong><\/td>\n<td width=\"70\"><strong>Horas C\u00e1tedra Semanales<\/strong><\/td>\n<td width=\"58\"><strong>Total Horas C\u00e1tedra<\/strong><\/td>\n<\/tr>\n<tr>\n<td width=\"113\">Pedagog\u00eda<\/td>\n<td width=\"76\">Asignatura<\/td>\n<td width=\"57\">Anual<\/td>\n<td width=\"47\">Obligatorio<\/td>\n<td width=\"101\">3<\/td>\n<td width=\"60\">96<\/td>\n<td width=\"53\">&#8212;-<\/td>\n<td width=\"56\">96<\/td>\n<td width=\"70\">3<\/td>\n<td width=\"58\">96<\/td>\n<\/tr>\n<tr>\n<td width=\"113\">Did\u00e1ctica General<\/td>\n<td width=\"76\">Asignatura<\/td>\n<td width=\"57\">Anual<\/td>\n<td width=\"47\">Obligatorio<\/td>\n<td width=\"101\">3<\/td>\n<td width=\"60\">96<\/td>\n<td width=\"53\">&#8212;-<\/td>\n<td width=\"56\">96<\/td>\n<td width=\"70\">3<\/td>\n<td width=\"58\">96<\/td>\n<\/tr>\n<tr>\n<td width=\"113\">Psicolog\u00eda de la Educaci\u00f3n<\/td>\n<td width=\"76\">Asignatura<\/td>\n<td width=\"57\">Anual<\/td>\n<td width=\"47\">Obligatorio<\/td>\n<td width=\"101\">3<\/td>\n<td width=\"60\">96<\/td>\n<td width=\"53\">&#8212;-<\/td>\n<td width=\"56\">96<\/td>\n<td width=\"70\">3<\/td>\n<td width=\"58\">96<\/td>\n<\/tr>\n<tr>\n<td width=\"113\">Ense\u00f1anza para&nbsp;&nbsp;la Diversidad<\/td>\n<td width=\"76\">Seminario<\/td>\n<td width=\"57\">Cuatri<p><\/p>\n<p>mestral<\/p>\n<\/td>\n<td width=\"47\">Obligatorio<\/td>\n<td width=\"101\">3<\/td>\n<td width=\"60\">48<\/td>\n<td width=\"53\">&#8212;-<\/td>\n<td width=\"56\">48<\/td>\n<td width=\"70\">3<\/td>\n<td width=\"58\">48<\/td>\n<\/tr>\n<tr>\n<td width=\"113\">Educaci\u00f3n Sexual Integral<\/td>\n<td width=\"76\">Seminario<\/td>\n<td width=\"57\">Cuatri<p><\/p>\n<p>mestral<\/p>\n<\/td>\n<td width=\"47\">Obligatorio<\/td>\n<td width=\"101\">3<\/td>\n<td width=\"60\">48<\/td>\n<td width=\"53\">&#8212;-<\/td>\n<td width=\"56\">48<\/td>\n<td width=\"70\">3<\/td>\n<td width=\"58\">48<\/td>\n<\/tr>\n<tr>\n<td width=\"113\">Pol\u00edticas Educativas<\/td>\n<td width=\"76\">Asignatura<\/td>\n<td width=\"57\">Cuatri<p><\/p>\n<p>mestral<\/p>\n<\/td>\n<td width=\"47\">Obligatorio<\/td>\n<td width=\"101\">3<\/td>\n<td width=\"60\">48<\/td>\n<td width=\"53\">&#8212;-<\/td>\n<td width=\"56\">48<\/td>\n<td width=\"70\">3<\/td>\n<td width=\"58\">48<\/td>\n<\/tr>\n<tr>\n<td width=\"113\">Historia de la Educaci\u00f3n&nbsp; Argentina<\/td>\n<td width=\"76\">Asignatura<\/td>\n<td width=\"57\">Cuatri<p><\/p>\n<p>mestral<\/p>\n<\/td>\n<td width=\"47\">Obligatorio<\/td>\n<td width=\"101\">3<\/td>\n<td width=\"60\">48<\/td>\n<td width=\"53\">&#8212;-<\/td>\n<td width=\"56\">48<\/td>\n<td width=\"70\">3<\/td>\n<td width=\"58\">48<\/td>\n<\/tr>\n<tr>\n<td width=\"113\">Arte y Sociedad<\/td>\n<td width=\"76\">Seminario<\/td>\n<td width=\"57\">Cuatri<p><\/p>\n<p>mestral<\/p>\n<\/td>\n<td width=\"47\">Obligatorio<\/td>\n<td width=\"101\">3<\/td>\n<td width=\"60\">48<\/td>\n<td width=\"53\">&#8212;-<\/td>\n<td width=\"56\">48<\/td>\n<td width=\"70\">3<\/td>\n<td width=\"58\">48<\/td>\n<\/tr>\n<tr>\n<td width=\"113\">Gesti\u00f3n Cultural<\/td>\n<td width=\"76\">Seminario<\/td>\n<td width=\"57\">Cuatri<p><\/p>\n<p>mestral<\/p>\n<\/td>\n<td width=\"47\">Obligatorio<\/td>\n<td width=\"101\">3<\/td>\n<td width=\"60\">48<\/td>\n<td width=\"53\">48<\/td>\n<td width=\"56\">96<\/td>\n<td width=\"70\">3<\/td>\n<td width=\"58\">48<\/td>\n<\/tr>\n<tr>\n<td width=\"113\">Sociolog\u00eda<\/td>\n<td width=\"76\">Asignatura<\/td>\n<td width=\"57\">Cuatri<p><\/p>\n<p>mestral<\/p>\n<\/td>\n<td width=\"47\">Obligatorio<\/td>\n<td width=\"101\">3<\/td>\n<td width=\"60\">48<\/td>\n<td width=\"53\">&#8212;-<\/td>\n<td width=\"56\">48<\/td>\n<td width=\"70\">3<\/td>\n<td width=\"58\">48<\/td>\n<\/tr>\n<tr>\n<td width=\"113\">Apreciaci\u00f3n Est\u00e9tica<\/td>\n<td width=\"76\">Seminario<\/td>\n<td width=\"57\">Anual<\/td>\n<td width=\"47\">Obligatorio<\/td>\n<td width=\"101\">3<\/td>\n<td width=\"60\">96<\/td>\n<td width=\"53\">&#8212;-<\/td>\n<td width=\"56\">96<\/td>\n<td width=\"70\">3<\/td>\n<td width=\"58\">96<\/td>\n<\/tr>\n<tr>\n<td width=\"113\">Filosof\u00eda y Teor\u00edas Est\u00e9ticas<\/td>\n<td width=\"76\">Asignatura<\/td>\n<td width=\"57\">Anual<\/td>\n<td width=\"47\">Obligatorio<\/td>\n<td width=\"101\">3<\/td>\n<td width=\"60\">96<\/td>\n<td width=\"53\">&#8212;-<\/td>\n<td width=\"56\">96<\/td>\n<td width=\"70\">3<\/td>\n<td width=\"58\">96<\/td>\n<\/tr>\n<tr>\n<td width=\"113\">TIC, Arte y Educaci\u00f3n<\/td>\n<td width=\"76\">Asignatura<\/td>\n<td width=\"57\">Cuatrimestral<\/td>\n<td width=\"47\">Obligatorio<\/td>\n<td width=\"101\">3<\/td>\n<td width=\"60\">48<\/td>\n<td width=\"53\">48<\/td>\n<td width=\"56\">96<\/td>\n<td width=\"70\">3<\/td>\n<td width=\"58\">48<\/td>\n<\/tr>\n<tr>\n<td width=\"113\">&nbsp;Inform\u00e1tica aplicada a las Artes<\/td>\n<td width=\"76\">Asignatura<\/td>\n<td width=\"57\">Anual<\/td>\n<td width=\"47\">Obligatorio<\/td>\n<td width=\"101\">3<\/td>\n<td width=\"60\">96<\/td>\n<td width=\"53\"><\/td>\n<td width=\"56\">96<\/td>\n<td width=\"70\">3<\/td>\n<td width=\"58\">96<\/td>\n<\/tr>\n<tr>\n<td width=\"113\"><strong>Totales<\/strong><\/td>\n<td width=\"76\"><\/td>\n<td width=\"57\"><\/td>\n<td width=\"47\"><\/td>\n<td width=\"101\"><\/td>\n<td width=\"60\"><\/td>\n<td width=\"53\"><\/td>\n<td width=\"56\"><strong>1056<\/strong><\/td>\n<td width=\"70\"><\/td>\n<td width=\"58\"><strong>960<\/strong><\/td>\n<\/tr>\n<tr>\n<td colspan=\"10\" width=\"691\">*TA: Trabajo Aut\u00f3nomo<\/td>\n<\/tr>\n<\/tbody>\n<\/table>\n<table>\n<tbody>\n<tr>\n<td colspan=\"10\" width=\"625\"><strong>Campo de la Formaci\u00f3n Espec\u00edfica (CFE)<\/strong><\/td>\n<\/tr>\n<tr>\n<td rowspan=\"2\" width=\"103\"><strong>Bloques y Unidades curriculares (UC)<\/strong><\/td>\n<td rowspan=\"2\" width=\"75\"><strong>Formato<\/strong><\/td>\n<td colspan=\"2\" width=\"113\"><strong>R\u00e9gimen de cursada<\/strong><\/td>\n<td colspan=\"4\" width=\"226\"><strong>Hs. del Estudiante<\/strong><\/td>\n<td colspan=\"2\" width=\"108\"><strong>Hs. del Docente<\/strong><\/td>\n<\/tr>\n<tr>\n<td width=\"56\"><strong>Anual\/Cuatri<\/strong><p><\/p>\n<p><strong>mestral<\/strong><\/p>\n<\/td>\n<td width=\"56\"><strong>Obliga<\/strong><p><\/p>\n<p><strong>Torio \/ Opta<\/strong><\/p>\n<p><strong>tivo<\/strong><\/p>\n<\/td>\n<td width=\"56\"><strong>Horas C\u00e1tedra Semanales Presenciales<\/strong><\/td>\n<td width=\"56\"><strong>Total Horas C\u00e1tedra Presenciales<\/strong><\/td>\n<td width=\"56\"><strong>Total Horas C\u00e1tedra de TA*<\/strong><\/td>\n<td width=\"56\"><strong>Total Horas C\u00e1tedra de la UC<\/strong><\/td>\n<td width=\"47\"><strong>Horas C\u00e1te<\/strong><p><\/p>\n<p><strong>dra sema<\/strong><\/p>\n<p><strong>nales<\/strong><\/p>\n<\/td>\n<td width=\"61\"><strong>Total Horas C\u00e1tedra<\/strong><\/td>\n<\/tr>\n<tr>\n<td colspan=\"10\" width=\"625\"><strong>Bloque: Formaci\u00f3n en el lenguaje visual<\/strong><\/td>\n<\/tr>\n<tr>\n<td width=\"103\">Lenguaje Visual I<\/td>\n<td width=\"75\">Asign.<\/td>\n<td width=\"56\">Cuatr.<\/td>\n<td width=\"56\">Oblig.<\/td>\n<td width=\"56\"><strong>3<\/strong><\/td>\n<td width=\"56\">48<\/td>\n<td width=\"56\"><\/td>\n<td width=\"56\">48<\/td>\n<td width=\"47\">3<\/td>\n<td width=\"61\">48<\/td>\n<\/tr>\n<tr>\n<td width=\"103\">Lenguaje Visual II<\/td>\n<td width=\"75\">Asign.<\/td>\n<td width=\"56\">Cuatr.<\/td>\n<td width=\"56\">Oblig.<\/td>\n<td width=\"56\"><strong>3<\/strong><\/td>\n<td width=\"56\">48<\/td>\n<td width=\"56\"><\/td>\n<td width=\"56\">48<\/td>\n<td width=\"47\">3<\/td>\n<td width=\"61\">48<\/td>\n<\/tr>\n<tr>\n<td width=\"103\">Bidimensi\u00f3n en la pintura<\/td>\n<td width=\"75\">Taller<\/td>\n<td width=\"56\">Anual<\/td>\n<td width=\"56\">Oblig.<\/td>\n<td width=\"56\"><strong>3<\/strong><\/td>\n<td width=\"56\">96<\/td>\n<td width=\"56\"><\/td>\n<td width=\"56\">96<\/td>\n<td width=\"47\">3<\/td>\n<td width=\"61\">96<\/td>\n<\/tr>\n<tr>\n<td colspan=\"10\" width=\"625\"><strong>Bloque: Formaci\u00f3n en el contexto socio \u2013 hist\u00f3rico de la producci\u00f3n visual<\/strong><\/td>\n<\/tr>\n<tr>\n<td width=\"103\">Historia del arte cer\u00e1mico I<\/td>\n<td width=\"75\">Asign.<\/td>\n<td width=\"56\">Anual<\/td>\n<td width=\"56\">Oblig.<\/td>\n<td width=\"56\">2<\/td>\n<td width=\"56\">64<\/td>\n<td width=\"56\"><\/td>\n<td width=\"56\">64<\/td>\n<td width=\"47\">2<\/td>\n<td width=\"61\">64<\/td>\n<\/tr>\n<tr>\n<td width=\"103\">Historia del arte cer\u00e1mico II<\/td>\n<td width=\"75\">Asign.<\/td>\n<td width=\"56\">Anual<\/td>\n<td width=\"56\">Oblig.<\/td>\n<td width=\"56\">2<\/td>\n<td width=\"56\">64<\/td>\n<td width=\"56\"><\/td>\n<td width=\"56\">64<\/td>\n<td width=\"47\">2<\/td>\n<td width=\"61\">64<\/td>\n<\/tr>\n<tr>\n<td width=\"103\">Historia del arte cer\u00e1mico III<\/td>\n<td width=\"75\">Asign.<\/td>\n<td width=\"56\">Anual<\/td>\n<td width=\"56\">Oblig.<\/td>\n<td width=\"56\">2<\/td>\n<td width=\"56\">64<\/td>\n<td width=\"56\"><\/td>\n<td width=\"56\">64<\/td>\n<td width=\"47\">2<\/td>\n<td width=\"61\">64<\/td>\n<\/tr>\n<tr>\n<td width=\"103\">Arte y cer\u00e1mica contempor\u00e1nea<\/td>\n<td width=\"75\">Asign.<\/td>\n<td width=\"56\">Anual<\/td>\n<td width=\"56\">Oblig.<\/td>\n<td width=\"56\">3<\/td>\n<td width=\"56\">96<\/td>\n<td width=\"56\"><\/td>\n<td width=\"56\">96<\/td>\n<td width=\"47\">3<\/td>\n<td width=\"61\">96<\/td>\n<\/tr>\n<tr>\n<td colspan=\"10\" width=\"625\"><strong>Bloque: Formaci\u00f3n en la producci\u00f3n cer\u00e1mica \u2013 decoraci\u00f3n<\/strong><\/td>\n<\/tr>\n<tr>\n<td width=\"103\">Decoraci\u00f3n Cer\u00e1mica I<\/td>\n<td width=\"75\">Taller<\/td>\n<td width=\"56\">Anual<\/td>\n<td width=\"56\">Oblig.<\/td>\n<td width=\"56\">3<\/td>\n<td width=\"56\">96<\/td>\n<td width=\"56\"><\/td>\n<td width=\"56\">96<\/td>\n<td width=\"47\">3<\/td>\n<td width=\"61\">96<\/td>\n<\/tr>\n<tr>\n<td width=\"103\">Decoraci\u00f3n Cer\u00e1mica II<\/td>\n<td width=\"75\">Taller<\/td>\n<td width=\"56\">Anual<\/td>\n<td width=\"56\">Oblig.<\/td>\n<td width=\"56\">3<\/td>\n<td width=\"56\">96<\/td>\n<td width=\"56\"><\/td>\n<td width=\"56\">96<\/td>\n<td width=\"47\">3<\/td>\n<td width=\"61\">96<\/td>\n<\/tr>\n<tr>\n<td width=\"103\">Decoraci\u00f3n Cer\u00e1mica III<\/td>\n<td width=\"75\">Taller<\/td>\n<td width=\"56\">Anual<\/td>\n<td width=\"56\">Oblig.<\/td>\n<td width=\"56\">3<\/td>\n<td width=\"56\">96<\/td>\n<td width=\"56\"><\/td>\n<td width=\"56\">96<\/td>\n<td width=\"47\">3<\/td>\n<td width=\"61\">96<\/td>\n<\/tr>\n<tr>\n<td width=\"103\">Decoraci\u00f3n Cer\u00e1mica IV<\/td>\n<td width=\"75\">Taller<\/td>\n<td width=\"56\">Anual<\/td>\n<td width=\"56\">Oblig.<\/td>\n<td width=\"56\">3<\/td>\n<td width=\"56\">96<\/td>\n<td width=\"56\"><\/td>\n<td width=\"56\">96<\/td>\n<td width=\"47\">3<\/td>\n<td width=\"61\">96<\/td>\n<\/tr>\n<tr>\n<td colspan=\"10\" width=\"625\"><strong>Bloque: Formaci\u00f3n en la producci\u00f3n cer\u00e1mica \u2013 modelado<\/strong><\/td>\n<\/tr>\n<tr>\n<td width=\"103\">Modelado Cer\u00e1mico I<\/td>\n<td width=\"75\">Taller<\/td>\n<td width=\"56\">Anual<\/td>\n<td width=\"56\">Oblig.<\/td>\n<td width=\"56\">4<\/td>\n<td width=\"56\">128<\/td>\n<td width=\"56\"><\/td>\n<td width=\"56\">128<\/td>\n<td width=\"47\">4<\/td>\n<td width=\"61\">128<\/td>\n<\/tr>\n<tr>\n<td width=\"103\">Modelado Cer\u00e1mico II<\/td>\n<td width=\"75\">Taller<\/td>\n<td width=\"56\">Anual<\/td>\n<td width=\"56\">Oblig.<\/td>\n<td width=\"56\">4<\/td>\n<td width=\"56\">128<\/td>\n<td width=\"56\"><\/td>\n<td width=\"56\">128<\/td>\n<td width=\"47\">4<\/td>\n<td width=\"61\">128<\/td>\n<\/tr>\n<tr>\n<td width=\"103\">Modelado Cer\u00e1mico III<\/td>\n<td width=\"75\">Taller<\/td>\n<td width=\"56\">Anual<\/td>\n<td width=\"56\">Oblig.<\/td>\n<td width=\"56\">4<\/td>\n<td width=\"56\">128<\/td>\n<td width=\"56\"><\/td>\n<td width=\"56\">128<\/td>\n<td width=\"47\">4<\/td>\n<td width=\"61\">128<\/td>\n<\/tr>\n<tr>\n<td width=\"103\">Modelado Cer\u00e1mico IV<\/td>\n<td width=\"75\">Taller<\/td>\n<td width=\"56\">Anual<\/td>\n<td width=\"56\">Oblig.<\/td>\n<td width=\"56\">4<\/td>\n<td width=\"56\">128<\/td>\n<td width=\"56\"><\/td>\n<td width=\"56\">128<\/td>\n<td width=\"47\">4<\/td>\n<td width=\"61\">128<\/td>\n<\/tr>\n<tr>\n<td colspan=\"10\" width=\"625\"><strong>Bloque: Formaci\u00f3n en la producci\u00f3n cer\u00e1mica \u2013 molder\u00eda y serializaci\u00f3n<\/strong><\/td>\n<\/tr>\n<tr>\n<td width=\"103\">Molder\u00eda Cer\u00e1mica I<\/td>\n<td width=\"75\">Taller<\/td>\n<td width=\"56\">Anual<\/td>\n<td width=\"56\">Oblig.<\/td>\n<td width=\"56\">4<\/td>\n<td width=\"56\">128<\/td>\n<td width=\"56\"><\/td>\n<td width=\"56\">128<\/td>\n<td width=\"47\">4<\/td>\n<td width=\"61\">128<\/td>\n<\/tr>\n<tr>\n<td width=\"103\">Molder\u00eda Cer\u00e1mica II<\/td>\n<td width=\"75\">Taller<\/td>\n<td width=\"56\">Anual<\/td>\n<td width=\"56\">Oblig.<\/td>\n<td width=\"56\">4<\/td>\n<td width=\"56\">128<\/td>\n<td width=\"56\"><\/td>\n<td width=\"56\">128<\/td>\n<td width=\"47\">4<\/td>\n<td width=\"61\">128<\/td>\n<\/tr>\n<tr>\n<td width=\"103\">Serializaci\u00f3n Cer\u00e1mica<\/td>\n<td width=\"75\">Taller<\/td>\n<td width=\"56\">Anual<\/td>\n<td width=\"56\">Oblig.<\/td>\n<td width=\"56\">3<\/td>\n<td width=\"56\">96<\/td>\n<td width=\"56\"><\/td>\n<td width=\"56\">96<\/td>\n<td width=\"47\">3<\/td>\n<td width=\"61\">96<\/td>\n<\/tr>\n<tr>\n<td colspan=\"10\" width=\"625\"><strong>Bloque: Formaci\u00f3n en la producci\u00f3n cer\u00e1mica \u2013 alfarer\u00eda<\/strong><\/td>\n<\/tr>\n<tr>\n<td width=\"103\">Alfarer\u00eda I<\/td>\n<td width=\"75\">Taller<\/td>\n<td width=\"56\">Anual<\/td>\n<td width=\"56\">Oblig.<\/td>\n<td width=\"56\">4<\/td>\n<td width=\"56\">128<\/td>\n<td width=\"56\"><\/td>\n<td width=\"56\">128<\/td>\n<td width=\"47\">4<\/td>\n<td width=\"61\">128<\/td>\n<\/tr>\n<tr>\n<td width=\"103\">Alfarer\u00eda II<\/td>\n<td width=\"75\">Taller<\/td>\n<td width=\"56\">Anual<\/td>\n<td width=\"56\">Oblig.<\/td>\n<td width=\"56\">4<\/td>\n<td width=\"56\">128<\/td>\n<td width=\"56\"><\/td>\n<td width=\"56\">128<\/td>\n<td width=\"47\">4<\/td>\n<td width=\"61\">128<\/td>\n<\/tr>\n<tr>\n<td width=\"103\">Alfarer\u00eda III<\/td>\n<td width=\"75\">Taller<\/td>\n<td width=\"56\">Anual<\/td>\n<td width=\"56\">Oblig.<\/td>\n<td width=\"56\">4<\/td>\n<td width=\"56\">128<\/td>\n<td width=\"56\"><\/td>\n<td width=\"56\">128<\/td>\n<td width=\"47\">4<\/td>\n<td width=\"61\">128<\/td>\n<\/tr>\n<tr>\n<td width=\"103\">Alfarer\u00eda IV<\/td>\n<td width=\"75\">Taller<\/td>\n<td width=\"56\">Anual<\/td>\n<td width=\"56\">Oblig.<\/td>\n<td width=\"56\">4<\/td>\n<td width=\"56\">128<\/td>\n<td width=\"56\"><\/td>\n<td width=\"56\">128<\/td>\n<td width=\"47\">4<\/td>\n<td width=\"61\">128<\/td>\n<\/tr>\n<tr>\n<td colspan=\"10\" width=\"625\"><strong>Bloque: Formaci\u00f3n en qu\u00edmica y tecnolog\u00eda cer\u00e1mica<\/strong><\/td>\n<\/tr>\n<tr>\n<td width=\"103\">Qu\u00edmica Aplicada a la Cer\u00e1mica<\/td>\n<td width=\"75\">Asign.<\/td>\n<td width=\"56\">Anual<\/td>\n<td width=\"56\">Oblig.<\/td>\n<td width=\"56\">3<\/td>\n<td width=\"56\">96<\/td>\n<td width=\"56\"><\/td>\n<td width=\"56\">96<\/td>\n<td width=\"47\">3<\/td>\n<td width=\"61\">96<\/td>\n<\/tr>\n<tr>\n<td width=\"103\">Tecnolog\u00eda Cer\u00e1mica I<\/td>\n<td width=\"75\">Asign.<\/td>\n<td width=\"56\">Cuatr.<\/td>\n<td width=\"56\">Oblig.<\/td>\n<td width=\"56\">3<\/td>\n<td width=\"56\">48<\/td>\n<td width=\"56\"><\/td>\n<td width=\"56\">48<\/td>\n<td width=\"47\">3<\/td>\n<td width=\"61\">48<\/td>\n<\/tr>\n<tr>\n<td width=\"103\">Tecnolog\u00eda Cer\u00e1mica II<\/td>\n<td width=\"75\">Asign.<\/td>\n<td width=\"56\">Cuatr.<\/td>\n<td width=\"56\">Oblig.<\/td>\n<td width=\"56\">3<\/td>\n<td width=\"56\">48<\/td>\n<td width=\"56\"><\/td>\n<td width=\"56\">48<\/td>\n<td width=\"47\">3<\/td>\n<td width=\"61\">48<\/td>\n<\/tr>\n<tr>\n<td width=\"103\">Alta Temperatura<\/td>\n<td width=\"75\">Taller<\/td>\n<td width=\"56\">Cuatr.<\/td>\n<td width=\"56\">Oblig.<\/td>\n<td width=\"56\">3<\/td>\n<td width=\"56\">48<\/td>\n<td width=\"56\"><\/td>\n<td width=\"56\">48<\/td>\n<td width=\"47\">3<\/td>\n<td width=\"61\">48<\/td>\n<\/tr>\n<tr>\n<td colspan=\"10\" width=\"625\"><strong>Bloque: Formaci\u00f3n en la producci\u00f3n visual<\/strong><\/td>\n<\/tr>\n<tr>\n<td width=\"103\">Dibujo I<\/td>\n<td width=\"75\">Taller<\/td>\n<td width=\"56\">Anual<\/td>\n<td width=\"56\">Oblig.<\/td>\n<td width=\"56\">3<\/td>\n<td width=\"56\">96<\/td>\n<td width=\"56\"><\/td>\n<td width=\"56\">96<\/td>\n<td width=\"47\">3<\/td>\n<td width=\"61\">96<\/td>\n<\/tr>\n<tr>\n<td width=\"103\">Dibujo II<\/td>\n<td width=\"75\">Taller<\/td>\n<td width=\"56\">Anual<\/td>\n<td width=\"56\">Oblig.<\/td>\n<td width=\"56\">3<\/td>\n<td width=\"56\">96<\/td>\n<td width=\"56\"><\/td>\n<td width=\"56\">96<\/td>\n<td width=\"47\">3<\/td>\n<td width=\"61\">96<\/td>\n<\/tr>\n<tr>\n<td width=\"103\">Dibujo III<\/td>\n<td width=\"75\">Taller<\/td>\n<td width=\"56\">Anual<\/td>\n<td width=\"56\">Oblig.<\/td>\n<td width=\"56\">3<\/td>\n<td width=\"56\">96<\/td>\n<td width=\"56\"><\/td>\n<td width=\"56\">96<\/td>\n<td width=\"47\">3<\/td>\n<td width=\"61\">96<\/td>\n<\/tr>\n<tr>\n<td width=\"103\">Dibujo IV<\/td>\n<td width=\"75\">Taller<\/td>\n<td width=\"56\">Anual<\/td>\n<td width=\"56\">Oblig.<\/td>\n<td width=\"56\">3<\/td>\n<td width=\"56\">96<\/td>\n<td width=\"56\"><\/td>\n<td width=\"56\">96<\/td>\n<td width=\"47\">3<\/td>\n<td width=\"61\">96<\/td>\n<\/tr>\n<tr>\n<td width=\"103\">&nbsp;Mural en espacio p\u00fablico<\/td>\n<td width=\"75\">Taller<\/td>\n<td width=\"56\">Cuatr.<\/td>\n<td width=\"56\">Oblig.<\/td>\n<td width=\"56\">3<\/td>\n<td width=\"56\">48<\/td>\n<td width=\"56\"><\/td>\n<td width=\"56\">48<\/td>\n<td width=\"47\">3<\/td>\n<td width=\"61\">48<\/td>\n<\/tr>\n<tr>\n<td width=\"103\">Grabado<\/td>\n<td width=\"75\">Taller<\/td>\n<td width=\"56\">Cuatr.<\/td>\n<td width=\"56\">Oblig.<\/td>\n<td width=\"56\">3<\/td>\n<td width=\"56\">48<\/td>\n<td width=\"56\"><\/td>\n<td width=\"56\">48<\/td>\n<td width=\"47\">3<\/td>\n<td width=\"61\">48<\/td>\n<\/tr>\n<tr>\n<td colspan=\"10\" width=\"625\">*TA: Trabajo Aut\u00f3nomo<\/td>\n<\/tr>\n<tr>\n<td colspan=\"10\" width=\"625\"><strong>Bloque: Did\u00e1ctica de las artes visuales y sujeto del aprendizaje<\/strong><\/td>\n<\/tr>\n<tr>\n<td width=\"103\">Did\u00e1ctica de las Artes Visuales I<\/td>\n<td width=\"75\">Asign.<\/td>\n<td width=\"56\">Anual<\/td>\n<td width=\"56\">Oblig.<\/td>\n<td width=\"56\">3<\/td>\n<td width=\"56\">96<\/td>\n<td width=\"56\"><\/td>\n<td width=\"56\">96<\/td>\n<td width=\"47\">3<\/td>\n<td width=\"61\">96<\/td>\n<\/tr>\n<tr>\n<td width=\"103\">Did\u00e1ctica de las artes visuales II<\/td>\n<td width=\"75\">Asign.<\/td>\n<td width=\"56\">Anual.<\/td>\n<td width=\"56\">Oblig.<\/td>\n<td width=\"56\">3<\/td>\n<td width=\"56\">96<\/td>\n<td width=\"56\"><\/td>\n<td width=\"56\">96<\/td>\n<td width=\"47\">3<\/td>\n<td width=\"61\">96<\/td>\n<\/tr>\n<tr>\n<td colspan=\"10\" width=\"625\"><strong>Observaciones o especificaciones necesarias<\/strong>:<\/td>\n<\/tr>\n<tr>\n<td width=\"103\"><strong>Totales<\/strong><\/td>\n<td width=\"75\"><\/td>\n<td width=\"56\"><\/td>\n<td width=\"56\"><\/td>\n<td width=\"56\"><\/td>\n<td width=\"56\"><\/td>\n<td width=\"56\"><\/td>\n<td width=\"56\"><strong>3152<\/strong><\/td>\n<td width=\"47\"><\/td>\n<td width=\"61\"><strong>3152<\/strong><\/td>\n<\/tr>\n<\/tbody>\n<\/table>\n<table>\n<tbody>\n<tr>\n<td colspan=\"14\" width=\"638\"><strong>Campo de la Formaci\u00f3n en la Pr\u00e1ctica Profesional (CFPP)<\/strong><\/td>\n<\/tr>\n<tr>\n<td rowspan=\"2\" width=\"91\"><strong>Tramos y Unidades curriculares (UC)<\/strong><\/td>\n<td rowspan=\"2\" width=\"75\"><strong>Formato<\/strong><\/td>\n<td colspan=\"2\" width=\"114\"><strong>R\u00e9gimen de cursada<\/strong><\/td>\n<td colspan=\"8\" width=\"261\"><strong>Horas del Estudiante<\/strong><\/td>\n<td colspan=\"2\" width=\"96\"><strong>Horas del Docente***<\/strong><\/td>\n<\/tr>\n<tr>\n<td width=\"56\"><strong>Anual o Cuatrimestral<\/strong><\/td>\n<td width=\"58\"><strong>Obliga<\/strong><p><\/p>\n<p><strong>torio u Optati<\/strong><\/p>\n<p><strong>vo<\/strong><\/p>\n<\/td>\n<td colspan=\"2\" width=\"57\"><strong>Horas C\u00e1tedra Sema<\/strong><p><\/p>\n<p><strong>nal en el ISFD<\/strong><\/p>\n<\/td>\n<td colspan=\"2\" width=\"57\"><strong>Total Horas C\u00e1tedra en el ISFD<\/strong><\/td>\n<td colspan=\"2\" width=\"47\"><strong>Horas C\u00e1te<\/strong><p><\/p>\n<p><strong>dra en el IA*<\/strong><\/p>\n<\/td>\n<td width=\"54\"><strong>Total Horas C\u00e1te<\/strong><p><\/p>\n<p><strong>dra de TA**<\/strong><\/p>\n<\/td>\n<td width=\"47\"><strong>Total Horas C\u00e1te<\/strong><p><\/p>\n<p><strong>dra de la UC<\/strong><\/p>\n<\/td>\n<td width=\"47\"><strong>Horas C\u00e1te<\/strong><p><\/p>\n<p><strong>dra Semanales<\/strong><\/p>\n<\/td>\n<td width=\"49\"><strong>Total Horas C\u00e1te<\/strong><p><\/p>\n<p><strong>dra<\/strong><\/p>\n<\/td>\n<\/tr>\n<tr>\n<td colspan=\"14\" width=\"638\"><strong>Tramo<\/strong>: I&nbsp; Sujetos y Contextos de las Pr\u00e1cticas Docentes: 128<\/td>\n<\/tr>\n<tr>\n<td width=\"91\">Proyecto de Pr\u00e1ctica I<\/td>\n<td width=\"75\">Taller<\/td>\n<td width=\"56\">Cuatri<p><\/p>\n<p>mestral<\/p>\n<\/td>\n<td width=\"58\">Obligatorio<\/td>\n<td width=\"49\">3<\/td>\n<td colspan=\"2\" width=\"47\">48<\/td>\n<td colspan=\"2\" width=\"55\">&#8212;-<\/td>\n<td colspan=\"2\" width=\"63\">16<\/td>\n<td width=\"47\">64<\/td>\n<td width=\"47\">3<\/td>\n<td width=\"49\">48<\/td>\n<\/tr>\n<tr>\n<td width=\"91\">Proyecto de Pr\u00e1ctica II<\/td>\n<td width=\"75\">Taller<\/td>\n<td width=\"56\">Cuatri<p><\/p>\n<p>mestral<\/p>\n<\/td>\n<td width=\"58\">Obligatorio<\/td>\n<td width=\"49\">3<\/td>\n<td colspan=\"2\" width=\"47\">48<\/td>\n<td colspan=\"2\" width=\"55\">&#8212;-<\/td>\n<td colspan=\"2\" width=\"63\">16<\/td>\n<td width=\"47\">64<\/td>\n<td width=\"47\">3<\/td>\n<td width=\"49\">48<\/td>\n<\/tr>\n<tr>\n<td colspan=\"14\" width=\"638\"><strong>Tramo<\/strong>: II&nbsp;&nbsp; Intervenciones Docentes en Contextos Diversos: 192<\/td>\n<\/tr>\n<tr>\n<td width=\"91\">Proyecto de Pr\u00e1ctica III<\/td>\n<td width=\"75\">Taller<\/td>\n<td width=\"56\">Cuatri<p><\/p>\n<p>mestral<\/p>\n<\/td>\n<td width=\"58\">Obligatorio<\/td>\n<td width=\"49\">3<\/td>\n<td colspan=\"2\" width=\"47\">48<\/td>\n<td colspan=\"2\" width=\"55\">32<\/td>\n<td colspan=\"2\" width=\"63\">16<\/td>\n<td width=\"47\">96<\/td>\n<td width=\"47\">3<\/td>\n<td width=\"49\">48<\/td>\n<\/tr>\n<tr>\n<td width=\"91\">Proyecto de Pr\u00e1ctica IV<\/td>\n<td width=\"75\">Taller<\/td>\n<td width=\"56\">Cuatri<p><\/p>\n<p>mestral<\/p>\n<\/td>\n<td width=\"58\">Obligatorio<\/td>\n<td width=\"49\">3<\/td>\n<td colspan=\"2\" width=\"47\">48<\/td>\n<td colspan=\"2\" width=\"55\">32<\/td>\n<td colspan=\"2\" width=\"63\">16<\/td>\n<td width=\"47\">96<\/td>\n<td width=\"47\">3<\/td>\n<td width=\"49\">48<\/td>\n<\/tr>\n<tr>\n<td colspan=\"14\" width=\"638\"><strong>Tramo<\/strong>: III&nbsp;&nbsp;&nbsp; Residencia 248-248-128<\/td>\n<\/tr>\n<tr>\n<td width=\"91\">Proyecto de Pr\u00e1ctica V<\/td>\n<td width=\"75\">Taller<\/td>\n<td width=\"56\">Anual<\/td>\n<td width=\"58\">Obligatorio<\/td>\n<td width=\"49\">6<\/td>\n<td colspan=\"2\" width=\"47\">96<\/td>\n<td colspan=\"2\" width=\"55\">96<\/td>\n<td colspan=\"2\" width=\"63\">56<\/td>\n<td width=\"47\">248<\/td>\n<td width=\"47\">6<\/td>\n<td width=\"49\">192<\/td>\n<\/tr>\n<tr>\n<td width=\"91\">Proyecto de Pr\u00e1ctica VI<\/td>\n<td width=\"75\">Taller<\/td>\n<td width=\"56\">Anual<\/td>\n<td width=\"58\">Obligatorio<\/td>\n<td width=\"49\">6<\/td>\n<td colspan=\"2\" width=\"47\">96<\/td>\n<td colspan=\"2\" width=\"55\">96<\/td>\n<td colspan=\"2\" width=\"63\">56<\/td>\n<td width=\"47\">248<\/td>\n<td width=\"47\">6<\/td>\n<td width=\"49\">192<\/td>\n<\/tr>\n<tr>\n<td width=\"91\"><strong>Totales<\/strong><\/td>\n<td width=\"75\"><\/td>\n<td width=\"56\"><\/td>\n<td width=\"58\"><\/td>\n<td width=\"49\"><\/td>\n<td colspan=\"2\" width=\"47\">384<\/td>\n<td colspan=\"2\" width=\"55\">256<\/td>\n<td colspan=\"2\" width=\"63\">176<\/td>\n<td width=\"47\">816<\/td>\n<td width=\"47\"><\/td>\n<td width=\"49\">576<\/td>\n<\/tr>\n<tr>\n<td colspan=\"14\" width=\"638\">* IA: Instituciones Asociadas para las Pr\u00e1cticas.<p><\/p>\n<p>** TA: Trabajo Aut\u00f3nomo.<\/p>\n<p>*** Colocar en la grilla las horas de clase semanales y totales en el ISFD y abajo todas las especificaciones adicionales de horas para la supervisi\u00f3n de las pr\u00e1cticas de los estudiantes.<\/p>\n<\/td>\n<\/tr>\n<tr>\n<td colspan=\"14\" width=\"638\"><strong>Observaciones o especificaciones necesarias<\/strong>: desarrollar&nbsp;las cargas horarias de los docentes para la supervisi\u00f3n de las pr\u00e1cticas y si existen otros cargos o funciones en este Campo.<\/td>\n<\/tr>\n<tr>\n<td style=\"font-weight: 400;\" width=\"91\"><\/td>\n<td style=\"font-weight: 400;\" width=\"75\"><\/td>\n<td style=\"font-weight: 400;\" width=\"93\"><\/td>\n<td style=\"font-weight: 400;\" width=\"74\"><\/td>\n<td style=\"font-weight: 400;\" width=\"54\"><\/td>\n<td style=\"font-weight: 400;\" width=\"8\"><\/td>\n<td style=\"font-weight: 400;\" width=\"39\"><\/td>\n<td style=\"font-weight: 400;\" width=\"17\"><\/td>\n<td style=\"font-weight: 400;\" width=\"39\"><\/td>\n<td style=\"font-weight: 400;\" width=\"10\"><\/td>\n<\/tr>\n<\/tbody>\n<\/table>\n<\/li>\n<li>\n<pre>Perfil del Egresado<\/pre>\n<\/li>\n<\/ul>\n<h4>Acerca de la carrera<\/h4>\n<p style=\"font-weight: 400;\">Carga horaria total en horas reloj:&nbsp;Horas reloj:&nbsp;<strong>3349,33.<\/strong><\/p>\n<p style=\"font-weight: 400;\">Carga horaria total en horas c\u00e1tedra:&nbsp;Horas c\u00e1tedra:&nbsp;<strong>5024<\/strong><strong>.<\/strong><\/p>\n<h4><\/h4>\n<h4><\/h4>\n<h4><\/h4>\n<p style=\"padding-left: 60px;\">\n<\/p><h4>Perfil del egresado<\/h4>\n<p style=\"font-weight: 400;\">comprender la realidad sociocultural y pol\u00edtica de la sociedad en sus m\u00faltiples manifestaciones para garantizar su participaci\u00f3n en los \u00e1mbitos institucionales y socio-comunitarios;<\/p>\n<ul>\n<li style=\"font-weight: 400;\">actuar como profesional aut\u00f3nomo capaz de reconocer la dimensi\u00f3n \u00e9tica de la ense\u00f1anza;<\/li>\n<li style=\"font-weight: 400;\">elaborar e implementar proyectos educativos contextualizados;<\/li>\n<li style=\"font-weight: 400;\">valorar la diversidad del alumnado;<\/li>\n<li style=\"font-weight: 400;\">reconocer los conceptos y principios te\u00f3ricos y pr\u00e1cticos que estructuran la educaci\u00f3n inclusiva, en el \u00e1mbito nacional e internacional;<\/li>\n<li style=\"font-weight: 400;\">contribuir a la construcci\u00f3n de escuelas como comunidades de aprendizaje que respeten, promuevan y valoren los logros de todos los estudiantes;<\/li>\n<li style=\"font-weight: 400;\">identificar y dar respuesta a las barreras para el aprendizaje y sus implicaciones metodol\u00f3gicas;<\/li>\n<li style=\"font-weight: 400;\">trabajar en equipo, manifestando una actitud de colaboraci\u00f3n con los colegas, autoridades y familias de los alumnos;<\/li>\n<li style=\"font-weight: 400;\">facilitar enfoques cooperativos de aprendizaje;<\/li>\n<li style=\"font-weight: 400;\">brindar asesoramiento did\u00e1ctico a instituciones educativas y comunitarias en los diferentes niveles del sistema educativo;<\/li>\n<li style=\"font-weight: 400;\">planificar, conducir, participar y evaluar programas de formaci\u00f3n, perfeccionamiento y actualizaci\u00f3n de artes visuales, para el desempe\u00f1o de la docencia en distintos niveles y modalidades del sistema educativo.<\/li>\n<li style=\"font-weight: 400;\">continuar su proceso de educaci\u00f3n permanente mediante el acceso a la literatura m\u00e1s actualizada propia de la disciplina y de su did\u00e1ctica;<\/li>\n<li style=\"font-weight: 400;\">comprender las diferentes concepciones educativas en sus fundamentos antropol\u00f3gicos, sociales, psicol\u00f3gicos, pedag\u00f3gicos y especialmente did\u00e1cticos, y su contribuci\u00f3n al desarrollo personal y social;<\/li>\n<li style=\"font-weight: 400;\">conocer los fundamentos, estructura conceptual y metodol\u00f3gica de las teor\u00edas psicol\u00f3gicas y del aprendizaje y su aplicaci\u00f3n al campo educativo con el fin de atender a las caracter\u00edsticas sociales, culturales y psicol\u00f3gicas de los alumnos;<\/li>\n<li style=\"font-weight: 400;\">comprender con profundidad los contenidos de la disciplina;<\/li>\n<li style=\"font-weight: 400;\">establecer relaciones entre la propia disciplina y otras \u00e1reas del conocimiento;<\/li>\n<li style=\"font-weight: 400;\">reconocer el sentido formativo de las Artes en general y espec\u00edficamente de las Artes visuales.<\/li>\n<li style=\"font-weight: 400;\">considerar las particularidades del campo de las Artes Visuales, su modo de conocer y sus formas de producci\u00f3n para incorporarlas en su pr\u00e1ctica pedag\u00f3gica formal y no formal.<\/li>\n<li style=\"font-weight: 400;\">conocer epistemol\u00f3gicamente las teor\u00edas del arte y su relaci\u00f3n metodol\u00f3gica con el campo educativo.<\/li>\n<li style=\"font-weight: 400;\">favorecer el proceso de aprendizaje, operando como mediador que domina tres tipos de competencias fundamentales: cognitivas,(que le permitan promover en los estudiantes&nbsp; procesos comprometidos con el desarrollo del pensamiento); est\u00e9ticas (que lo habiliten como protagonista y apreciador sensible e inteligente de producciones art\u00edsticas) y pedag\u00f3gico-did\u00e1cticas (para estar en condiciones de dise\u00f1ar y llevar a cabo trayectos de ense\u00f1anza-aprendizaje significativos y respetuosos de los destinatarios).<\/li>\n<li style=\"font-weight: 400;\">desempe\u00f1ar la pr\u00e1ctica docente de manera cr\u00edtica, creativa y profesional en todas las fases del proceso educativo.<\/li>\n<li style=\"font-weight: 400;\">considerar a la educaci\u00f3n art\u00edstica como \u00e1mbito de privilegio para el desarrollo de capacidades vinculadas a la interpretaci\u00f3n cr\u00edtica de la realidad socio-hist\u00f3rica y al desarrollo de la creatividad utilizando el lenguaje visual.<\/li>\n<li style=\"font-weight: 400;\">trabajar en equipo con otros profesionales en la elaboraci\u00f3n de proyectos educativos, asumiendo una actitud cr\u00edtica y reflexiva que permita indagar, replantear y resignificar situaciones, conceptos o decisiones sobre la pr\u00e1ctica.<\/li>\n<li style=\"font-weight: 400;\">entablar v\u00ednculos de confianza que permitan desarrollar pr\u00e1cticas pedag\u00f3gicas de educaci\u00f3n art\u00edstica que posibiliten la comprensi\u00f3n e interpretaci\u00f3n de la realidad compleja para la construcci\u00f3n de la identidad propia y social, considerando la particularidad los ni\u00f1os\/as y adolescentes de hoy.<\/li>\n<li style=\"font-weight: 400;\">reflexionar sobre la propia pr\u00e1ctica atendiendo al contexto de cada grupo de alumnos y al desarrollo individual de cada uno.<\/li>\n<li style=\"font-weight: 400;\">dise\u00f1ar variados recursos y herramientas para utilizar en su tarea docente.<\/li>\n<li style=\"font-weight: 400;\">Utilizar diversas alternativas de producci\u00f3n visual, desarrolladas a partir de propuestas tradicionales, como as\u00ed tambi\u00e9n aquellas que involucren la integraci\u00f3n de otros lenguajes y el empleo de nuevas tecnolog\u00edas para poder integrarlas en sus pr\u00e1cticas educativas.<\/li>\n<li style=\"font-weight: 400;\">dise\u00f1ar proyectos culturales y educativos de proyecci\u00f3n comunitaria.<\/li>\n<li style=\"font-weight: 400;\">planificar, conducir y evaluar programas de formaci\u00f3n, perfeccionamiento y actualizaci\u00f3n, para el desempe\u00f1o de la docencia en el nivel superior.<\/li>\n<li style=\"font-weight: 400;\">Emprender proyectos de investigaci\u00f3n en arte, de actualizaci\u00f3n de la producci\u00f3n y la ense\u00f1anza art\u00edstica desde el trabajo interdisciplinar.<\/li>\n<\/ul>\n\n\n<figure class=\"wp-block-image size-large\"><img decoding=\"async\" loading=\"lazy\" width=\"313\" height=\"119\" src=\"https:\/\/artefarranz-caba.infd.edu.ar\/sitio\/wp-content\/uploads\/2018\/07\/home2-titulos.png\" alt=\"\" class=\"wp-image-707\"\/><\/figure>\n\n\n\n<p><strong><u>Alcances del t\u00edtulo:<\/u><\/strong><strong><\/strong><br>La carrera del Profesorado de Artes Visuales con orientaci\u00f3n cer\u00e1mica es de car\u00e1cter presencial, habilita en&nbsp; los diferentes niveles y modalidades educativas: Educaci\u00f3n Inicial, Educaci\u00f3n Primaria, Educaci\u00f3n Secundaria, Educaci\u00f3n Art\u00edstica, Educaci\u00f3n Especial, Educaci\u00f3n formal y no formal.<\/p>\n","protected":false},"excerpt":{"rendered":"<p>Profesorado Acerca de la carrera Profesor\/a de ARTES VISUALES CON ORIENTACI\u00d3N CERAMICA Plan de estudios Campo de la Formaci\u00f3n General (CFG) 1296 c\u00e1tedra total Unidades curriculares (UC) Formato R\u00e9gimen de cursada Horas del Estudiante Hs. del Docente Anual o Cuatri Mestral Obligatorio u Optativo Horas C\u00e1tedra Semanales Presenciales Total Horas C\u00e1tedra Presenciales Total Horas C\u00e1tedra &#8230; <a title=\"Plan de estudio\" class=\"read-more\" href=\"https:\/\/artefarranz-caba.infd.edu.ar\/sitio\/catalogo\/plan-de-estudio\/\" aria-label=\"More on Plan de estudio\">[+]<\/a><\/p>\n","protected":false},"author":6,"featured_media":704,"parent":644,"menu_order":0,"comment_status":"closed","ping_status":"closed","template":"","meta":[],"acf":[],"_links":{"self":[{"href":"https:\/\/artefarranz-caba.infd.edu.ar\/sitio\/wp-json\/wp\/v2\/pages\/734"}],"collection":[{"href":"https:\/\/artefarranz-caba.infd.edu.ar\/sitio\/wp-json\/wp\/v2\/pages"}],"about":[{"href":"https:\/\/artefarranz-caba.infd.edu.ar\/sitio\/wp-json\/wp\/v2\/types\/page"}],"author":[{"embeddable":true,"href":"https:\/\/artefarranz-caba.infd.edu.ar\/sitio\/wp-json\/wp\/v2\/users\/6"}],"replies":[{"embeddable":true,"href":"https:\/\/artefarranz-caba.infd.edu.ar\/sitio\/wp-json\/wp\/v2\/comments?post=734"}],"version-history":[{"count":9,"href":"https:\/\/artefarranz-caba.infd.edu.ar\/sitio\/wp-json\/wp\/v2\/pages\/734\/revisions"}],"predecessor-version":[{"id":908,"href":"https:\/\/artefarranz-caba.infd.edu.ar\/sitio\/wp-json\/wp\/v2\/pages\/734\/revisions\/908"}],"up":[{"embeddable":true,"href":"https:\/\/artefarranz-caba.infd.edu.ar\/sitio\/wp-json\/wp\/v2\/pages\/644"}],"wp:featuredmedia":[{"embeddable":true,"href":"https:\/\/artefarranz-caba.infd.edu.ar\/sitio\/wp-json\/wp\/v2\/media\/704"}],"wp:attachment":[{"href":"https:\/\/artefarranz-caba.infd.edu.ar\/sitio\/wp-json\/wp\/v2\/media?parent=734"}],"curies":[{"name":"wp","href":"https:\/\/api.w.org\/{rel}","templated":true}]}}