{"id":768,"date":"2018-07-26T14:05:47","date_gmt":"2018-07-26T17:05:47","guid":{"rendered":"https:\/\/artefarranz-caba.infd.edu.ar\/sitio\/?page_id=768"},"modified":"2024-06-25T20:41:13","modified_gmt":"2024-06-25T23:41:13","slug":"docentes","status":"publish","type":"page","link":"https:\/\/artefarranz-caba.infd.edu.ar\/sitio\/docentes\/","title":{"rendered":"Docentes"},"content":{"rendered":"\n<p><strong><em>DIBUJO I &#8211; Prof. Ludovico Jacoby<\/em><\/strong><\/p>\n\n\n\n<p>Arquitecto (1997) Facultad de Arquitectura, Dise\u00f1o y Urbanismo. Universidad de Buenos Aires. Profesor Titular de Representaci\u00f3n Arquitect\u00f3nica FADU \u2013 UBA, desde el a\u00f1o 2000. Profesor Titular regular de Sistemas de Representaci\u00f3n I (Dise\u00f1o de Marcas y Envases) y Profesor interino de Dibujo y Sistemas de Representaci\u00f3n (Licenciatura de Artes Audiovisuales) en UNDAV \u2013 Universidad Nacional de Avellaneda. Profesor Titular en la Facultad de Dise\u00f1o y Comunicaci\u00f3n en UP &#8211; Universidad de Palermo. A cargo de los Seminarios de Creatividad en Paisajismo \u00ab ANIMESE \u00bb junto a Cristina Le Mehaut\u00e9. Particip\u00f3 en Casa FOA ediciones 2007 (1\u00b0 Premio Karavell \/Antron), 2010 \u201cLa Defensa\u201d y 2011 \u201cMercado del Dise\u00f1o\u201d. Desarrolla su actividad laboral en forma independiente.<\/p>\n\n\n\n<p><em><strong>BIDIMENSI\u00d3N EN LA PINTURA \/ GESTI\u00d3N CULTURAL \/ SOCIOLOG\u00cdA &#8211; Prof. Laura Garella<\/strong><\/em><\/p>\n\n\n\n<p>Curs\u00f3 en la Fundaci\u00f3n Walter Benjamin la&nbsp; Especializaci\u00f3n en Curadur\u00eda y Comunicaci\u00f3n. En el a\u00f1o 2016. Realiz\u00f3 el Posgrado Internacional Gesti\u00f3n y pol\u00edtica en cultura y comunicaci\u00f3n en FLACSO en el a\u00f1o 2014. Se recibi\u00f3 en el Instituto Universitario Nacional de Arte \u2013 IUNA- de Lic. en Artes Visuales -Especialidad Pintura- en el a\u00f1o 2009. Egres\u00f3 de la Escuela Nacional de Bellas Artes ENBA -Prilidiano Pueyrred\u00f3n de Profesora Nacional de Bellas Artes- Especialidad Pintura en el a\u00f1o 2003. Partcip\u00f3 como ponente en el V Seminario Internacional de Pol\u00edticas de la Memoria del Centro Haroldo Conti, Participa dictando Talleres acerca de la Escuela como construcci\u00f3n comunitaria en los CicIos de Debate Multiactoral sobre Educaci\u00f3n de la Fundaci\u00f3n CES, en La Plata. Dict\u00f3 Cursos de Did\u00e1ctica de las Artes Visuales en el CEPA y el IES JB Justo. Dicta Sociolog\u00eda del Arte, Bidimensi\u00f3n y Gesti\u00f3n Cultural en la ESEA F. Arranz y N. Ramiccone. Realiz\u00f3 trabajos como muralista en espacios e instituciones p\u00fablicas como el Hospital Pte. Per\u00f3n (Ex Finocchietto) de Avellaneda.&nbsp;&nbsp;<\/p>\n\n\n\n<p><em><strong>MODELADO II \/ ARTE Y CER\u00c1MICA CONTEMPOR\u00c1NEA \/ HIST. DEL ARTE CER\u00c1MICO I-II &#8211; III &#8211; Dra. Mariel Tarela<\/strong><\/em><\/p>\n\n\n\n<p>Profesora, Licenciada y Dra.&nbsp; en Artes Pl\u00e1sticas orientaci\u00f3n Cer\u00e1mica, FBA, Universidad Nacional de La Plata. Licenciada en Pl\u00e1stica, Facultad de Artes y Dise\u00f1o (HfK) Universidad de Bremen, Alemania. Maestr\u00eda \u201cMeistersch\u00fclerin\u201d, HfK Bremen, Alemania. Doctoranda en Arte Contempor\u00e1neo Latinoamericano, UNLP. Investigadora del programa de incentivos CONICET. Jefa de Trabajos Pr\u00e1cticos de la C\u00e1tedra Taller de Cer\u00e1mica Complementaria, FBA, UNLP.<\/p>\n\n\n\n<p><strong><em>PEDAGOG\u00cdA &#8211; Prof. Rodrigo Arriagada<\/em><\/strong><\/p>\n\n\n\n<p>Profesor en Ciencias de la Educaci\u00f3n por el&nbsp;<em>Instituto Superior Juan XXIII<\/em>, B. Blanca. Licenciado en Educaci\u00f3n por la&nbsp;<em>Universidad Nacional de Quilmes.<\/em>&nbsp;Profesor en Filosof\u00eda por el&nbsp;<em>Instituto Superior Juan XXIII.&nbsp;<\/em>Licenciado en Filosof\u00eda por la&nbsp;<em>Universidad Nacional de San Martin<\/em>. Psic\u00f3logo, por la&nbsp;<em>Universidad Maim\u00f3nides<\/em>. Profesor desde 2006 en Institutos de Formaci\u00f3n docente de la CABA.&nbsp;&nbsp;Coordinador del CFG en la ENS 3&nbsp;<em>Bernardino Rivadavia<\/em>. Fue Asesor Pedag\u00f3gico durante cinco a\u00f1os en la ENS 2&nbsp;<em>Mariano Acosta.<\/em><\/p>\n\n\n\n<p><em><strong>ALFARER\u00cdA I \/ PROYECTO DE PR\u00c1CTICA IV \/ PROYECTO DE PR\u00c1CTICA V \/ DID\u00c1CTICA DE LAS ARTES VISUALES II &#8211; Prof. Eva Hernandez<\/strong><\/em><\/p>\n\n\n\n<p>T\u00e9cnica en cer\u00e1mica art\u00edstica, recibida en la Escuela Municipal de Cer\u00e1mica N\u00b01. Profesora Nacional en Cer\u00e1mica Art\u00edstica, recibida en el E.N.S.C (I.U.N.A.). Realice seminarios de posgrado en pintura abstracta con el maestro Miguel Angel Vidal, y posgrado en dibujo con Fabian Attila I.U.N.A. Desde el a\u00f1o 1994 participe de numerosos encuentros nacionales, bienales y seminarios de cer\u00e1mica realizados en diferentes puntos del pa\u00eds. He realizados variadas exposiciones individuales, colectivas y de arte publico. Participo del proyecto teatral \u00abAnjos\u00bb, con exposici\u00f3n permanente en Rio de Janeiro, Brasil.<\/p>\n\n\n\n<p><em><strong>DIBUJO IV \/ LENGUAJE VISUAL I y II &#8211; Prof. Gonzalo Gayoso<\/strong><\/em><\/p>\n\n\n\n<p>En 2001 egresa como profesor de Pintura de la Escuela Nacional de Bellas Artes Prilidiano Pueyrredon; Desde 2001 y hasta el 2004 integra el taller de realizaci\u00f3n art\u00edstica y escenogr\u00e1fica del Grupo de Teatro Catalinas, dando seminarios ytalleres abiertos a la comunidad. Entre agosto de 2004 y diciembre de 2007 realiza el bocetado de obras originales y dirige grupos de muralistas encargados de realizar obras en las fachadas de varios complejos habitacionales en el barrio de Barracas y la Boca para el IVC<br>(Instituto de la Vivienda de la Ciudad), dependiente del Gobierno de Bs. As.<\/p>\n\n\n\n<p><em><strong>SERIALIZACI\u00d3N CER\u00c1MICA \/ MOLDER\u00cdA I &#8211; Prof. Celeste Loyarte<\/strong><\/em><\/p>\n\n\n\n<p>Profesora en Artes Visuales con Orientaci\u00f3n Cer\u00e1mica egresada del Instituto Municipal de Cer\u00e1mica de Avellaneda. Maestra Nacional de dibujo, Escuela Municipal de Bellas Artes Manuel Belgrano Docente de Molder\u00eda desde el a\u00f1o 2006, y de Matricer\u00eda y Serializaci\u00f3n Cer\u00e1mica a partir de 2011. Participa del Taller de Producci\u00f3n Artesanal y del Taller de Producci\u00f3n de Moldes del IMCA.<\/p>\n\n\n\n<p><strong><em>MODELADO CER\u00c1MICO I \/ DECORACI\u00d3N CER\u00c1MICA II, III \/ COORDINACI\u00d3N &#8211; Prof. Eliana Gimenez<\/em><\/strong><\/p>\n\n\n\n<p>Profesora Nacional de Cer\u00e1mica Art\u00edstica, Inst. Universitario Nacional del Arte (IUNA). Licenciatura en Artes Visuales orientaci\u00f3n Artes del Fuego. Directora de Arte, recibida en La Asociaci\u00f3n Argentina de Agencias de Publicidad (AAAP). Realiz\u00f3 cursos y seminarios de especializaci\u00f3n. Particip\u00f3 de Producciones Art\u00edsticas, muestras individuales y grupales. Particip\u00f3 de salones como: Museo de Bs. As. de La Plata &amp;;La Mujer y su Protagonismo Cultural. Tercera Bienal De Cer\u00e1mica de Berazategui&amp;quot;, Centro Cultural Rigolleau. Museo Jos\u00e9 Hern\u00e1ndez ;Bienal de Artesan\u00edas; Sal\u00f3n de Peque\u00f1o Formato. XI y XV Sal\u00f3n de Cer\u00e1mica de Avellaneda, obteniendo menciones. Actualmente se desempe\u00f1a como profesora de Taller Cer\u00e1mico, Proyectual y Ciencias Aplicadas, en la carrera de Artes del Fuego, Departamento de artes Visuales IUNA.<\/p>\n\n\n\n<p><em><strong>ALFARER\u00cdA I \/ ALFARER\u00cdA III &#8211; Prof. Marcelo Loreto<\/strong><\/em><\/p>\n\n\n\n<p>Profesor Nacional&nbsp; Superior de Cer\u00e1mica IUNA. Docente de Alfarer\u00eda Instituto Municipal de Avellaneda. Participaci\u00f3n en el Tercer Encuentro Nacional del Ceramista, Humahuaca 1997. Jornada Internacional de Cer\u00e1mica, Concordia 1992. Particip\u00f3 de muestras tales como: Paseo de los Escultores 2006, Universidad de la Matanza 2007, Casa de la Cultura de San Fernando 2010.<\/p>\n\n\n\n<p><strong><em>MURAL EN ESPACIO P\u00daBLICO &#8211; Prof. Sergio Condor\u00ed<\/em><\/strong><\/p>\n\n\n\n<p>Profesor de artes visuales Escuela de Arte Leopoldo Marechal. Profesor de arte en artes visuales para educaci\u00f3n inicial E.G.B 1 y 2<br>Profesor de arte en artes visuales orientaci\u00f3n pintura. Muralista.<\/p>\n\n\n\n<p><strong><em>DECORACI\u00d3N IV \/ TECNOLOG\u00cdA CER\u00c1MICA I\/ II \/ ALTA TEMPERATURA &#8211; Prof. Ver\u00f3nica Garcia Kuwota<\/em><\/strong><\/p>\n\n\n\n<p>Profesora en Artes Visuales con Orientaci\u00f3n Cer\u00e1mica, Esea F. Arranz, Nivel Terciario. 2015-2021. Proyecto educativo online Instituto Tecnol\u00f3gico de Educaci\u00f3n  Cer\u00e1mica. 1999-2015. Taller particular de ense\u00f1anza de escultura y cer\u00e1mica art\u00edstica. Docente de Taller &#8211; Laboratorio y Producci\u00f3n Cer\u00e1mica , Universidad de San Mart\u00edn.<\/p>\n","protected":false},"excerpt":{"rendered":"<p>DIBUJO I &#8211; Prof. Ludovico Jacoby Arquitecto (1997) Facultad de Arquitectura, Dise\u00f1o y Urbanismo. Universidad de Buenos Aires. Profesor Titular de Representaci\u00f3n Arquitect\u00f3nica FADU \u2013 UBA, desde el a\u00f1o 2000. Profesor Titular regular de Sistemas de Representaci\u00f3n I (Dise\u00f1o de Marcas y Envases) y Profesor interino de Dibujo y Sistemas de Representaci\u00f3n (Licenciatura de Artes &#8230; <a title=\"Docentes\" class=\"read-more\" href=\"https:\/\/artefarranz-caba.infd.edu.ar\/sitio\/docentes\/\" aria-label=\"More on Docentes\">[+]<\/a><\/p>\n","protected":false},"author":6,"featured_media":631,"parent":0,"menu_order":0,"comment_status":"closed","ping_status":"closed","template":"","meta":[],"acf":[],"_links":{"self":[{"href":"https:\/\/artefarranz-caba.infd.edu.ar\/sitio\/wp-json\/wp\/v2\/pages\/768"}],"collection":[{"href":"https:\/\/artefarranz-caba.infd.edu.ar\/sitio\/wp-json\/wp\/v2\/pages"}],"about":[{"href":"https:\/\/artefarranz-caba.infd.edu.ar\/sitio\/wp-json\/wp\/v2\/types\/page"}],"author":[{"embeddable":true,"href":"https:\/\/artefarranz-caba.infd.edu.ar\/sitio\/wp-json\/wp\/v2\/users\/6"}],"replies":[{"embeddable":true,"href":"https:\/\/artefarranz-caba.infd.edu.ar\/sitio\/wp-json\/wp\/v2\/comments?post=768"}],"version-history":[{"count":35,"href":"https:\/\/artefarranz-caba.infd.edu.ar\/sitio\/wp-json\/wp\/v2\/pages\/768\/revisions"}],"predecessor-version":[{"id":1008,"href":"https:\/\/artefarranz-caba.infd.edu.ar\/sitio\/wp-json\/wp\/v2\/pages\/768\/revisions\/1008"}],"wp:featuredmedia":[{"embeddable":true,"href":"https:\/\/artefarranz-caba.infd.edu.ar\/sitio\/wp-json\/wp\/v2\/media\/631"}],"wp:attachment":[{"href":"https:\/\/artefarranz-caba.infd.edu.ar\/sitio\/wp-json\/wp\/v2\/media?parent=768"}],"curies":[{"name":"wp","href":"https:\/\/api.w.org\/{rel}","templated":true}]}}